{"id":42945,"date":"2018-02-03T10:16:29","date_gmt":"2018-02-03T10:16:29","guid":{"rendered":"https:\/\/shop.metal-badge.ch\/?product=sac-a-bandouliere-tactique-camouflage-multifonctions"},"modified":"2020-09-29T17:27:57","modified_gmt":"2020-09-29T15:27:57","slug":"sac-a-bandouliere-tactique-camouflage-multifonctions-2","status":"publish","type":"product","link":"https:\/\/metal-badge.ch\/fr\/product\/42945\/sac-a-bandouliere-tactique-camouflage-multifonctions-2\/","title":{"rendered":"Sac \u00e0 bandouli\u00e8re tactique camouflage multifonctions"},"content":{"rendered":"<p>Ce sac \u00e0 bandouli\u00e8re tactique couleur camouflage est un sac multifonctions \u00e0 utilisation universelle qui peut \u00eatre port\u00e9 sur l\u2019\u00e9paule en diagonale gr\u00e2ce \u00e0 la bandouli\u00e8re large et rembourr\u00e9e \u00e0 longueur r\u00e9glable. Le sac repose sur la hanche et est facile \u00e0 atteindre. Sur l&rsquo;arri\u00e8re, le sac est rembourr\u00e9 avec 3 pads respirants et garantit ainsi la circulation de l\u2019air ainsi qu\u2019un port confortable. Ce sac \u00e0 bandouli\u00e8re en nylon Oxford 600D hydrofuge est muni d\u2019un rev\u00eatement en chlorure de polyvinyle \u00e0 l\u2019int\u00e9rieur. Ainsi, ce sac \u00e0 bandouli\u00e8re est aussi un compagnon id\u00e9al dans la pluie et son contenu reste prot\u00e9g\u00e9 quelles que soient les conditions m\u00e9t\u00e9orologiques.<\/p>\n<p>Le sac dispose d\u2019un compartiment principal (dimensions : hauteur 25 cm x largeur 25 cm x profondeur 12 cm) avec tablier \u00e0 neige et arr\u00eateur \u00e0 cordon, deux compartiments int\u00e9rieurs et un grand compartiment ext\u00e9rieur avec fermeture \u00e9clair et un autre compartiment de rangement. L&rsquo;ensemble est ouvert par un bouton pression sur le grand rabat. Chaque c\u00f4t\u00e9 est \u00e9quip\u00e9 d&rsquo;un compartiment filet r\u00e9glable avec un cordon. Une poche zipp\u00e9e lat\u00e9rale pour les t\u00e9l\u00e9phones portables ainsi qu&rsquo;une deuxi\u00e8me poche zipp\u00e9e \u00e0 l&rsquo;ext\u00e9rieur sur le rabat et une poche sup\u00e9rieure en haut sont \u00e9galement disponibles sur ce sac multifonctions. De plus, il compte un compartiment syst\u00e8me (compartiment pistolet) dissimul\u00e9 avec fermeture \u00e9clair, o\u00f9 d&rsquo;autres objets peuvent \u00eatre rang\u00e9s \u00e9galement. En outre, le sac comporte des surfaces Velcro pour l&rsquo;application de patchs et boucles MOLLE pour apposer d&rsquo;autres objets d&rsquo;\u00e9quipement.<\/p>\n<p>\u00a0<\/p>\n<p><strong>Informations du produit :<\/strong><br \/>\nCouleur\u00a0: camouflage<br \/>\nRembourrage arri\u00e8re et passants de ceinture<br \/>\nPassants de ceinture r\u00e9glables<br \/>\nLargeur de la bandouli\u00e8re de 5,0 cm<br \/>\nPoids : 640 g<br \/>\nMati\u00e8re : Hydrofuge, nylon oxford 600D et int\u00e9rieur avec rev\u00eatement en chlorure de polyvinyle.\u00a0<br \/>\n1 compartiment principal avec deux poches int\u00e9rieures (dimensions : hauteur 25 cm x largeur 25 cm x profondeur 12 cm) avec tablier \u00e0 neige et arr\u00eateur \u00e0 cordon<br \/>\n1 grande poche appos\u00e9e \u00e0 l\u2019ext\u00e9rieur avec fermeture \u00e9clair avec compartiment en filet int\u00e9rieur et crochet int\u00e9rieur<br \/>\n1 compartiment \u00e0 cordon \u00e0 l\u2019ext\u00e9rieur, sur le c\u00f4t\u00e9<br \/>\n1 poche lat\u00e9rale ext\u00e9rieur pour t\u00e9l\u00e9phone portable avec fermeture \u00e9clair<br \/>\n2 poches de rangement \u00e0 l\u2019ext\u00e9rieur et sur le c\u00f4t\u00e9<br \/>\n1 compartiment \u00e0 fermeture \u00e9clair sur le rabat<br \/>\n1 poche appos\u00e9e avec fermeture \u00e9clair en haut sur le rabat<br \/>\n1 compartiment syst\u00e8me avec fermeture \u00e9clair (compartiment pistolet)<br \/>\n1 petite poche appos\u00e9e avec fermeture rapide<br \/>\n2 porte-stylos<br \/>\nDiff\u00e9rentes boucles Molle et velcro \u00e0 l\u2019ext\u00e9rieur.\u00a0\u00a0<\/p>\n<p>\u00a0<\/p>\n","protected":false},"excerpt":{"rendered":"<p>Ce sac \u00e0 bandouli\u00e8re tactique couleur camouflage est un sac multifonctions \u00e0 utilisation universelle qui peut \u00eatre port\u00e9 sur l\u2019\u00e9paule en diagonale gr\u00e2ce \u00e0 la bandouli\u00e8re large et rembourr\u00e9e \u00e0 longueur r\u00e9glable. Le sac repose sur la hanche et est facile \u00e0 atteindre. Sur l&rsquo;arri\u00e8re, le sac est rembourr\u00e9 avec 3 pads respirants et garantit [&hellip;]<\/p>\n","protected":false},"featured_media":42937,"comment_status":"open","ping_status":"closed","template":"","meta":{"inline_featured_image":false},"product_brand":[],"product_cat":[1347,1059,1815],"product_tag":[1769,1777,1773,1781,1765],"class_list":{"0":"post-42945","1":"product","2":"type-product","3":"status-publish","4":"has-post-thumbnail","6":"product_cat-accessoires-militaires-de-chasse","7":"product_cat-sacs","8":"product_cat-sacs-de-transport-de-voyage","9":"product_tag-army-survival-fr","10":"product_tag-camping-voyage","11":"product_tag-chasse-peche","12":"product_tag-police-securite","13":"product_tag-sport-outdoor-fr","15":"first","16":"instock","17":"taxable","18":"shipping-taxable","19":"purchasable","20":"product-type-simple"},"_links":{"self":[{"href":"https:\/\/metal-badge.ch\/fr\/wp-json\/wp\/v2\/product\/42945","targetHints":{"allow":["GET"]}}],"collection":[{"href":"https:\/\/metal-badge.ch\/fr\/wp-json\/wp\/v2\/product"}],"about":[{"href":"https:\/\/metal-badge.ch\/fr\/wp-json\/wp\/v2\/types\/product"}],"replies":[{"embeddable":true,"href":"https:\/\/metal-badge.ch\/fr\/wp-json\/wp\/v2\/comments?post=42945"}],"wp:featuredmedia":[{"embeddable":true,"href":"https:\/\/metal-badge.ch\/fr\/wp-json\/wp\/v2\/media\/42937"}],"wp:attachment":[{"href":"https:\/\/metal-badge.ch\/fr\/wp-json\/wp\/v2\/media?parent=42945"}],"wp:term":[{"taxonomy":"product_brand","embeddable":true,"href":"https:\/\/metal-badge.ch\/fr\/wp-json\/wp\/v2\/product_brand?post=42945"},{"taxonomy":"product_cat","embeddable":true,"href":"https:\/\/metal-badge.ch\/fr\/wp-json\/wp\/v2\/product_cat?post=42945"},{"taxonomy":"product_tag","embeddable":true,"href":"https:\/\/metal-badge.ch\/fr\/wp-json\/wp\/v2\/product_tag?post=42945"}],"curies":[{"name":"wp","href":"https:\/\/api.w.org\/{rel}","templated":true}]}}